{"id":2,"date":"2016-05-10T03:48:21","date_gmt":"2016-05-10T02:48:21","guid":{"rendered":"http:\/\/xn--mnchenroda-9db.de\/?page_id=2"},"modified":"2023-02-05T18:13:24","modified_gmt":"2023-02-05T17:13:24","slug":"allgemeines","status":"publish","type":"page","link":"https:\/\/m\u00fcnchenroda.de\/?page_id=2","title":{"rendered":"Allgemeines"},"content":{"rendered":"<p align=\"left\">Der Ort M\u00fcnchenroda z\u00e4hlt zu den fr\u00fchmittelalterlichen Siedlungsgr\u00fcndungen.<\/p>\n<h3 style=\"text-align: center;\" align=\"left\"><strong>Die erste urkundliche Erw\u00e4hnung von<\/strong><br \/>\n<strong> \u201eMunichroda\u201c<\/strong><br \/>\n<strong> erfolgte am 13.05.1255<\/strong><\/h3>\n<p align=\"left\">Wie der Name schon sagt, ist der Ort mittels Rodung von Waldfl\u00e4chen durch die M\u00f6nche des alten Klosters, welches wahrscheinlich eine Zweigstelle des Klosters B\u00fcrgel war, entstanden.<\/p>\n<p align=\"left\">Der Anlage nach ist M\u00fcnchenroda ein Rundling und war fr\u00fcher von einem Hain umgeben. Heute zeugt der Gr\u00fcng\u00fcrtel mit Obst\u2013 und Gem\u00fcseg\u00e4rten von diesem einstigen Wetterschutz, der nun \u00fcbergeht in Wiesen, Felder und W\u00e4lder.<\/p>\n<div align=\"left\">\n<p>Heute sind M\u00fcnchenroda und Remderoda ein Ortsteil von Jena.<\/p>\n<table border=\"0\" width=\"100%\">\n<tbody>\n<tr>\n<td width=\"38%\">Fl\u00e4che<\/td>\n<td width=\"62%\">531 ha\u00a0 [30.06.2022]<\/td>\n<\/tr>\n<tr>\n<td>Einwohner \/ Einwohnerinnen<\/td>\n<td>406\u00a0 [30.06.2022]<\/td>\n<\/tr>\n<tr>\n<td>davon m\u00e4nnlich<\/td>\n<td>200 [30.06.2022]<\/td>\n<\/tr>\n<tr>\n<td>davon weiblich<\/td>\n<td>206 [30.06.2022]<\/td>\n<\/tr>\n<tr>\n<td>Wohngeb\u00e4ude<\/td>\n<td>145 [30.06.2022]<\/td>\n<\/tr>\n<tr>\n<td>Wohnungen<\/td>\n<td>193 [30.06.2022]<\/td>\n<\/tr>\n<\/tbody>\n<\/table>\n<\/div>\n","protected":false},"excerpt":{"rendered":"<p>Der Ort M\u00fcnchenroda z\u00e4hlt zu den fr\u00fchmittelalterlichen Siedlungsgr\u00fcndungen. Die erste urkundliche Erw\u00e4hnung von \u201eMunichroda\u201c erfolgte am 13.05.1255 Wie der Name schon sagt, ist der Ort mittels Rodung von Waldfl\u00e4chen durch die M\u00f6nche des alten Klosters, welches wahrscheinlich eine Zweigstelle des Klosters B\u00fcrgel war, entstanden. Der Anlage nach ist M\u00fcnchenroda ein Rundling und war fr\u00fcher von &hellip; <\/p>\n<p class=\"link-more\"><a href=\"https:\/\/m\u00fcnchenroda.de\/?page_id=2\" class=\"more-link\"><span class=\"screen-reader-text\">\u201eAllgemeines\u201c<\/span> weiterlesen<\/a><\/p>\n","protected":false},"author":1,"featured_media":0,"parent":0,"menu_order":0,"comment_status":"closed","ping_status":"closed","template":"","meta":{"footnotes":""},"class_list":["post-2","page","type-page","status-publish","hentry"],"_links":{"self":[{"href":"https:\/\/m\u00fcnchenroda.de\/index.php?rest_route=\/wp\/v2\/pages\/2","targetHints":{"allow":["GET"]}}],"collection":[{"href":"https:\/\/m\u00fcnchenroda.de\/index.php?rest_route=\/wp\/v2\/pages"}],"about":[{"href":"https:\/\/m\u00fcnchenroda.de\/index.php?rest_route=\/wp\/v2\/types\/page"}],"author":[{"embeddable":true,"href":"https:\/\/m\u00fcnchenroda.de\/index.php?rest_route=\/wp\/v2\/users\/1"}],"replies":[{"embeddable":true,"href":"https:\/\/m\u00fcnchenroda.de\/index.php?rest_route=%2Fwp%2Fv2%2Fcomments&post=2"}],"version-history":[{"count":7,"href":"https:\/\/m\u00fcnchenroda.de\/index.php?rest_route=\/wp\/v2\/pages\/2\/revisions"}],"predecessor-version":[{"id":341,"href":"https:\/\/m\u00fcnchenroda.de\/index.php?rest_route=\/wp\/v2\/pages\/2\/revisions\/341"}],"wp:attachment":[{"href":"https:\/\/m\u00fcnchenroda.de\/index.php?rest_route=%2Fwp%2Fv2%2Fmedia&parent=2"}],"curies":[{"name":"wp","href":"https:\/\/api.w.org\/{rel}","templated":true}]}}